{"id":21,"date":"2016-02-06T13:58:14","date_gmt":"2016-02-06T12:58:14","guid":{"rendered":"http:\/\/ufowaves.org\/sceau\/wordpress\/?page_id=21"},"modified":"2025-04-27T16:46:02","modified_gmt":"2025-04-27T14:46:02","slug":"membres","status":"publish","type":"page","link":"https:\/\/sceau-archives-ovni.org\/?page_id=21&lang=fr","title":{"rendered":"Membres du Bureau"},"content":{"rendered":"<p><a href=\"https:\/\/sceau-archives-ovni.org\/?page_id=132&amp;lang=fr\"><img loading=\"lazy\" class=\"alignleft wp-image-438\" src=\"https:\/\/sceau-archives-ovni.org\/wp\/wp-content\/uploads\/2016\/06\/thierry3-200x300.jpg\" alt=\"Thierry Rocher\" width=\"85\" height=\"128\" srcset=\"https:\/\/sceau-archives-ovni.org\/wp\/wp-content\/uploads\/2016\/06\/thierry3-200x300.jpg 200w, https:\/\/sceau-archives-ovni.org\/wp\/wp-content\/uploads\/2016\/06\/thierry3.jpg 320w\" sizes=\"(max-width: 85px) 100vw, 85px\" \/><\/a><\/p>\n<p>&nbsp;<\/p>\n<p><strong>Pr\u00e9sident&nbsp;: <a href=\"https:\/\/sceau-archives-ovni.org\/?page_id=132&amp;lang=fr\">Thierry Rocher<\/a><\/strong><\/p>\n<p>&nbsp;<\/p>\n<p><strong><a href=\"https:\/\/sceau-archives-ovni.org\/?page_id=932&amp;lang=fr\"><img loading=\"lazy\" class=\"wp-image-921 alignnone\" src=\"https:\/\/sceau-archives-ovni.org\/wp\/wp-content\/uploads\/2024\/12\/FHS-2024.jpg\" alt=\"\" width=\"96\" height=\"128\"><\/a>&nbsp; &nbsp;Vice-pr\u00e9sident :&nbsp; <a href=\"https:\/\/sceau-archives-ovni.org\/?page_id=932&amp;lang=fr\">Fran\u00e7ois HA\u0178S<\/a><\/strong><\/p>\n<p><a href=\"https:\/\/sceau-archives-ovni.org\/?page_id=934&amp;lang=fr\"><img loading=\"lazy\" class=\"alignnone\" src=\"https:\/\/rr0.org\/people\/t\/ThomasGilles\/portrait.jpg\" alt=\"Vice-Pr\u00e9sident : Gilles Thomas\" width=\"163\" height=\"108\"><\/a>&nbsp; &nbsp;<strong>Vice-pr\u00e9sident : <a href=\"https:\/\/sceau-archives-ovni.org\/?page_id=934&amp;lang=fr\">Gilles THOMAS<\/a><\/strong><\/p>\n<p><a href=\"https:\/\/sceau-archives-ovni.org\/?page_id=1087&amp;lang=fr\"><strong><img loading=\"lazy\" class=\"alignleft wp-image-1085 size-thumbnail\" src=\"https:\/\/sceau-archives-ovni.org\/wp\/wp-content\/uploads\/2025\/04\/2025-03-26_rre-archives-nationales-150x150.jpg\" alt=\"\" width=\"150\" height=\"150\"><\/strong><\/a><\/p>\n<p>&nbsp;<\/p>\n<p><strong>Vice-pr\u00e9sident : <a href=\"https:\/\/sceau-archives-ovni.org\/?page_id=1087&amp;lang=fr\">Raoul ROBE<\/a><\/strong><\/p>\n<p>&nbsp;<\/p>\n<p>&nbsp;<\/p>\n<p><strong><a href=\"https:\/\/sceau-archives-ovni.org\/?page_id=926&amp;lang=fr\"><img loading=\"lazy\" class=\"wp-image-922 alignnone\" src=\"https:\/\/sceau-archives-ovni.org\/wp\/wp-content\/uploads\/2024\/12\/XLS-e1734263529584.jpg\" alt=\"\" width=\"99\" height=\"142\"><\/a>&nbsp; &nbsp;Tr\u00e9sorier : <a href=\"https:\/\/sceau-archives-ovni.org\/?page_id=926&amp;lang=fr\">Xavier LIPPENS<\/a><\/strong><\/p>\n<dl id=\"attachment_24\">\n<dt><strong><a href=\"https:\/\/sceau-archives-ovni.org\/wp\/?page_id=30&amp;lang=fr\"><img loading=\"lazy\" class=\"alignnone\" src=\"https:\/\/sceau-archives-ovni.org\/wp\/wp-content\/uploads\/2016\/02\/cgilledurand.jpg\" alt=\"Gilles Durand\" width=\"100\" height=\"117\"><\/a>&nbsp; &nbsp; Secr\u00e9taire g\u00e9n\u00e9ral : <a href=\"https:\/\/sceau-archives-ovni.org\/wp\/?page_id=30&amp;lang=fr\">Gilles Durand<\/a><\/strong><\/dt>\n<\/dl>\n<p>&nbsp;<\/p>\n<div id='gallery-1' class='gallery galleryid-21 gallery-columns-4 gallery-size-thumbnail'><figure class='gallery-item'>\n\t\t\t<div class='gallery-icon portrait'>\n\t\t\t\t<img width=\"100\" height=\"117\" src=\"https:\/\/sceau-archives-ovni.org\/wp\/wp-content\/uploads\/2016\/02\/thierry3.jpg\" class=\"attachment-thumbnail size-thumbnail\" alt=\"\" loading=\"lazy\" aria-describedby=\"gallery-1-441\" \/>\n\t\t\t<\/div>\n\t\t\t\t<figcaption class='wp-caption-text gallery-caption' id='gallery-1-441'>\n\t\t\t\tPr\u00e9sident\n\t\t\t\t<\/figcaption><\/figure><figure class='gallery-item'>\n\t\t\t<div class='gallery-icon landscape'>\n\t\t\t\t<img width=\"150\" height=\"150\" src=\"https:\/\/sceau-archives-ovni.org\/wp\/wp-content\/uploads\/2025\/04\/2025-03-26_rre-archives-nationales-150x150.jpg\" class=\"attachment-thumbnail size-thumbnail\" alt=\"Vice Pr\u00e9sident : Raoul Rob\u00e9\" loading=\"lazy\" aria-describedby=\"gallery-1-1085\" \/>\n\t\t\t<\/div>\n\t\t\t\t<figcaption class='wp-caption-text gallery-caption' id='gallery-1-1085'>\n\t\t\t\tVice Pr\u00e9sident : Raoul Rob\u00e9\n\t\t\t\t<\/figcaption><\/figure><figure class='gallery-item'>\n\t\t\t<div class='gallery-icon portrait'>\n\t\t\t\t<img width=\"150\" height=\"150\" src=\"https:\/\/sceau-archives-ovni.org\/wp\/wp-content\/uploads\/2024\/12\/FHS-2024-150x150.jpg\" class=\"attachment-thumbnail size-thumbnail\" alt=\"Fran\u00e7ois Hays\" loading=\"lazy\" aria-describedby=\"gallery-1-921\" \/>\n\t\t\t<\/div>\n\t\t\t\t<figcaption class='wp-caption-text gallery-caption' id='gallery-1-921'>\n\t\t\t\tVice Pr\u00e9sident : Fran\u00e7ois Hays\n\t\t\t\t<\/figcaption><\/figure><figure class='gallery-item'>\n\t\t\t<div class='gallery-icon landscape'>\n\t\t\t\t<img width=\"150\" height=\"150\" src=\"https:\/\/sceau-archives-ovni.org\/wp\/wp-content\/uploads\/2025\/04\/gts_portrait_de_rr0-150x150.jpg\" class=\"attachment-thumbnail size-thumbnail\" alt=\"\" loading=\"lazy\" aria-describedby=\"gallery-1-1066\" \/>\n\t\t\t<\/div>\n\t\t\t\t<figcaption class='wp-caption-text gallery-caption' id='gallery-1-1066'>\n\t\t\t\tVice Pr\u00e9sident : Gilles Thomas\n\t\t\t\t<\/figcaption><\/figure><figure class='gallery-item'>\n\t\t\t<div class='gallery-icon portrait'>\n\t\t\t\t<img width=\"100\" height=\"117\" src=\"https:\/\/sceau-archives-ovni.org\/wp\/wp-content\/uploads\/2016\/02\/cgilledurand.jpg\" class=\"attachment-thumbnail size-thumbnail\" alt=\"Gilles Durand\" loading=\"lazy\" aria-describedby=\"gallery-1-24\" \/>\n\t\t\t<\/div>\n\t\t\t\t<figcaption class='wp-caption-text gallery-caption' id='gallery-1-24'>\n\t\t\t\tSecr\u00e9taire G\u00e9n\u00e9ral : Gilles Durand\n\t\t\t\t<\/figcaption><\/figure><figure class='gallery-item'>\n\t\t\t<div class='gallery-icon portrait'>\n\t\t\t\t<img width=\"150\" height=\"150\" src=\"https:\/\/sceau-archives-ovni.org\/wp\/wp-content\/uploads\/2024\/12\/XLS-e1734263529584-150x150.jpg\" class=\"attachment-thumbnail size-thumbnail\" alt=\"Xavier Lippens\" loading=\"lazy\" aria-describedby=\"gallery-1-922\" \/>\n\t\t\t<\/div>\n\t\t\t\t<figcaption class='wp-caption-text gallery-caption' id='gallery-1-922'>\n\t\t\t\tTr\u00e9sorier : Xavier Lippens\n\t\t\t\t<\/figcaption><\/figure>\n\t\t<\/div>\n\n<p>&nbsp;<\/p>\n","protected":false},"excerpt":{"rendered":"<p>&nbsp; Pr\u00e9sident&nbsp;: Thierry Rocher &nbsp; &nbsp; &nbsp;Vice-pr\u00e9sident :&nbsp; Fran\u00e7ois HA\u0178S &nbsp; &nbsp;Vice-pr\u00e9sident : Gilles THOMAS &nbsp; Vice-pr\u00e9sident : Raoul ROBE &nbsp; &nbsp; &nbsp; &nbsp;Tr\u00e9sorier : Xavier LIPPENS &nbsp; &nbsp; Secr\u00e9taire g\u00e9n\u00e9ral : Gilles Durand &nbsp; &nbsp;<\/p>\n","protected":false},"author":1,"featured_media":0,"parent":13,"menu_order":17,"comment_status":"closed","ping_status":"closed","template":"","meta":{"ngg_post_thumbnail":0},"_links":{"self":[{"href":"https:\/\/sceau-archives-ovni.org\/index.php?rest_route=\/wp\/v2\/pages\/21"}],"collection":[{"href":"https:\/\/sceau-archives-ovni.org\/index.php?rest_route=\/wp\/v2\/pages"}],"about":[{"href":"https:\/\/sceau-archives-ovni.org\/index.php?rest_route=\/wp\/v2\/types\/page"}],"author":[{"embeddable":true,"href":"https:\/\/sceau-archives-ovni.org\/index.php?rest_route=\/wp\/v2\/users\/1"}],"replies":[{"embeddable":true,"href":"https:\/\/sceau-archives-ovni.org\/index.php?rest_route=%2Fwp%2Fv2%2Fcomments&post=21"}],"version-history":[{"count":5,"href":"https:\/\/sceau-archives-ovni.org\/index.php?rest_route=\/wp\/v2\/pages\/21\/revisions"}],"predecessor-version":[{"id":1094,"href":"https:\/\/sceau-archives-ovni.org\/index.php?rest_route=\/wp\/v2\/pages\/21\/revisions\/1094"}],"up":[{"embeddable":true,"href":"https:\/\/sceau-archives-ovni.org\/index.php?rest_route=\/wp\/v2\/pages\/13"}],"wp:attachment":[{"href":"https:\/\/sceau-archives-ovni.org\/index.php?rest_route=%2Fwp%2Fv2%2Fmedia&parent=21"}],"curies":[{"name":"wp","href":"https:\/\/api.w.org\/{rel}","templated":true}]}}